{"id":3197,"date":"2020-10-23T14:15:00","date_gmt":"2020-10-23T14:15:00","guid":{"rendered":"https:\/\/www.utopia-projects.com\/works\/maison-de-soins-infirmiers-au-portugal\/"},"modified":"2023-10-28T11:58:14","modified_gmt":"2023-10-28T11:58:14","slug":"maison-de-soins-infirmiers-au-portugal","status":"publish","type":"works","link":"https:\/\/www.utopia-projects.com\/fr\/oeuvres\/maison-de-soins-infirmiers-au-portugal\/","title":{"rendered":"Maison de Soins Infirmiers au Portugal"},"content":{"rendered":"<section class=\"gb-container gb-container-f01c9c39\">\n\n<h2 class=\"wp-block-heading\">L&rsquo;architecture de la maison de retraite<\/h2>\n\n\n\n<p>En ce qui concerne l&rsquo;ext\u00e9rieur du b\u00e2timent, on s&rsquo;est efforc\u00e9 de cr\u00e9er une image sobre, paisible et jeune. Ainsi, la forme du b\u00e2timent est minimale, avec une hauteur \u00e9gale \u00e0 celle du b\u00e2timent existant et une \u00e9chelle bien en rapport avec l&rsquo;environnement. Les trav\u00e9es d\u00e9sax\u00e9es des fa\u00e7ades cr\u00e9ent un dynamisme et diff\u00e9rencient chaque espace, \u00e9vitant ainsi la \u00ab\u00a0r\u00e9p\u00e9tition\u00a0\u00bb typique d&rsquo;un programme de maisons. Les trav\u00e9es sont essentiellement verticales, ce qui est typique d&rsquo;une construction populaire. L&rsquo;entr\u00e9e se distingue du reste des ouvertures par ses dimensions plus importantes et occupe un emplacement urbain de premier plan dans la zone \u00ab\u00a0d&rsquo;angle\u00a0\u00bb, ce qui permet un meilleur confort d&rsquo;acc\u00e8s au b\u00e2timent. Au niveau inf\u00e9rieur, les ouvertures permettent un acc\u00e8s direct \u00e0 tous les espaces communs du jardin.<br\/>L&rsquo;objectif est d&rsquo;\u00e9tablir une relation franche et tr\u00e8s \u00e9troite avec les espaces ext\u00e9rieurs, en tirant parti de la beaut\u00e9 naturelle d&rsquo;un espace vert. En cons\u00e9quence, la surface imperm\u00e9abilis\u00e9e du site est r\u00e9duite au minimum, ce qui permet aux pi\u00e9tons et aux voitures d&rsquo;acc\u00e9der au parking et aux installations, et de lib\u00e9rer autant d&rsquo;espace de jardin que possible ;<\/p>\n\n\n\n<h2 class=\"wp-block-heading\">Fonctionnement de la maison de retraite<\/h2>\n\n\n\n<p>En ce qui concerne l&rsquo;int\u00e9rieur de l&rsquo;\u00e9quipement, le foyer fonctionne de mani\u00e8re simple, comme d\u00e9crit ci-dessous.<br\/>Circulation principale<br\/>L&rsquo;entr\u00e9e principale du foyer se fait donc sur la fa\u00e7ade ouest, ce qui permet aux personnes \u00e2g\u00e9es d&rsquo;entrer confortablement et tranquillement \u00e0 la r\u00e9ception. Les utilisateurs y trouveront un petit coin salon, une salle d&rsquo;attente et un bureau de service. Les circulations verticales sont proches de l&rsquo;accueil, entre les deux volumes, et se composent d&rsquo;un vaste hall de man\u0153uvre, d&rsquo;un escalier et d&rsquo;un ascenseur pour 8 personnes et brancards, accessible aux personnes handicap\u00e9es. L&rsquo;escalier \u00e0 deux vol\u00e9es est ouvert au rez-de-chauss\u00e9e et accessible aux personnes \u00e0 mobilit\u00e9 r\u00e9duite, avec une largeur de 1,2 m, des niveaux inf\u00e9rieur, sup\u00e9rieur et interm\u00e9diaire d&rsquo;une profondeur de 1,2 m et des marches avec 18 cm de miroir et 28 cm de couverture. Depuis l&rsquo;entr\u00e9e, les utilisateurs peuvent se rendre dans l&rsquo;aile des espaces communs au sud-ouest ou dans l&rsquo;aile des chambres au nord-est. En montant au premier \u00e9tage, vous trouverez l&rsquo;aile de la zone administrative et sanitaire et la deuxi\u00e8me aile de chambres.<\/p>\n\n\n\n<h4 class=\"wp-block-heading\">Espaces communs<\/h4>\n\n\n\n<p>Les espaces communs se composent d&rsquo;un salon, d&rsquo;une salle \u00e0 manger et d&rsquo;un espace WC pour les hommes, les femmes et les personnes handicap\u00e9es. Le salon et la salle \u00e0 manger peuvent \u00eatre subdivis\u00e9s par des panneaux qui permettent de lib\u00e9rer totalement l&rsquo;espace, parfois de le diviser en zones plus petites, pour une plus grande modestie des utilisateurs. Ces espaces communs sont situ\u00e9s au niveau du jardin, afin d&rsquo;en tirer le meilleur parti. Dans les W.C., les cabines de toilette sont spacieuses, ce qui permet \u00e0 une personne \u00e2g\u00e9e d&rsquo;y acc\u00e9der facilement, m\u00eame si elle est accompagn\u00e9e.<\/p>\n\n\n\n<h3 class=\"wp-block-heading\">Zones de service<\/h3>\n\n\n\n<p>\u00c0 c\u00f4t\u00e9 de la salle \u00e0 manger et avec un acc\u00e8s direct \u00e0 celle-ci, se trouve la cuisine et d&rsquo;autres zones de service. Cette zone dispose de sa propre entr\u00e9e de service, avec connexion \u00e0 l&rsquo;entr\u00e9e du terrain et de son propre espace de stationnement. Pr\u00e8s de l&rsquo;entr\u00e9e de service se trouve la zone r\u00e9serv\u00e9e au personnel de cuisine. Nous disposons \u00e9galement d&rsquo;un espace pour les poubelles et les bidons, d&rsquo;une armoire pour les produits de nettoyage et d&rsquo;un espace pour le stockage des aliments. Cet espace de stockage est en fait un garde-manger pour la journ\u00e9e, divis\u00e9 en deux zones, l&rsquo;une pour les aliments secs et l&rsquo;autre pour les aliments froids, avec plusieurs cong\u00e9lateurs. La cuisine est situ\u00e9e imm\u00e9diatement apr\u00e8s ce garde-manger, ce qui permet une utilisation simple pour la pr\u00e9paration des repas. Ainsi, les aliments n\u00e9cessaires sont pr\u00e9lev\u00e9s dans les entrep\u00f4ts (froids \/ secs), lav\u00e9s dans l&rsquo;\u00e9vier correspondant (viande \/ poisson \/ l\u00e9gumes), pr\u00e9par\u00e9s et cuits, puis \u00ab\u00a0mis en assiette\u00a0\u00bb. Le comptoir est con\u00e7u de mani\u00e8re \u00e0 ce que cette s\u00e9quence fonctionne de mani\u00e8re lin\u00e9aire jusqu&rsquo;\u00e0 ce que la vaisselle sorte, par l&rsquo;interm\u00e9diaire du \u00ab\u00a0lave-vaisselle\u00a0\u00bb qui est reli\u00e9 au comptoir de la salle \u00e0 manger. De son c\u00f4t\u00e9, l&rsquo;entr\u00e9e de la vaisselle sale se fait par une porte s\u00e9par\u00e9e et le lavage\/stockage n&rsquo;interf\u00e8re pas avec la pr\u00e9paration des repas, puisqu&rsquo;il se fait \u00e0 un autre comptoir.<\/p>\n\n\n\n<h3 class=\"wp-block-heading\"><br\/>Chambres \u00e0 coucher<br\/><\/h3>\n\n\n\n<p>Il y a deux services de chambres, l&rsquo;un au rez-de-chauss\u00e9e et l&rsquo;autre au premier \u00e9tage de l&rsquo;aile nord, tous deux comprenant huit chambres doubles et cinq chambres individuelles avec un espace pour accueillir les couples. Toutes les chambres disposent d&rsquo;une zone de man\u0153uvre de 360\u00ba, le mobilier \u00e9tant dispos\u00e9 conform\u00e9ment aux exigences de l&rsquo;arr\u00eat\u00e9 normatif n\u00b0 12\/98 du 25 f\u00e9vrier. Toutes les chambres disposent d&rsquo;un vestibule qui permet un acc\u00e8s prot\u00e9g\u00e9 \u00e0 la salle de bains. Les salles de bains priv\u00e9es sont compos\u00e9es d&rsquo;un lavabo mural, de toilettes, d&rsquo;un bidet et d&rsquo;un bac \u00e0 douche de 1,5mx1,5m. Il est donc \u00e9galement possible d&rsquo;effectuer la man\u0153uvre de rotation \u00e0 360\u00b0 en fauteuil roulant.<\/p>\n\n\n\n<h3 class=\"wp-block-heading\">Personnel administratif et de service<\/h3>\n\n\n\n<p>Au premier \u00e9tage de l&rsquo;aile sud se trouvent le centre administratif et le centre de sant\u00e9, accessibles aux utilisateurs en g\u00e9n\u00e9ral. Le noyau administratif est compos\u00e9 du bureau de l&rsquo;administration, d&rsquo;une salle de r\u00e9union, d&rsquo;un bureau auxiliaire et d&rsquo;un petit W.c. de service administratif. La salle de r\u00e9union est un espace flexible qui permet une utilisation diversifi\u00e9e. Au centre de sant\u00e9, nous avons le bureau m\u00e9dical avec un acc\u00e8s direct \u00e0 un w.c. avec douche, toilettes et lavabo.<br\/>Au 1er \u00e9tage de l&rsquo;aile sud se trouvent \u00e9galement la zone du personnel et la zone de blanchisserie, dont l&rsquo;acc\u00e8s est r\u00e9serv\u00e9 aux employ\u00e9s. La zone r\u00e9serv\u00e9e au personnel comprend un salon et des salles de bains r\u00e9parties par sexe, avec lavabo, toilettes, douche et vestiaire avec casier. Le linge est divis\u00e9 en une zone sale (ou zone humide) et une zone propre (zone s\u00e8che). Dans la zone propre, les v\u00eatements d\u00e9j\u00e0 lav\u00e9s sont s\u00e9ch\u00e9s, repass\u00e9s et pli\u00e9s. La zone de service g\u00e9n\u00e9ral, ainsi que la zone de service de la cuisine, fonctionnent de mani\u00e8re autonome sans interf\u00e9rer avec le reste du foyer, permettant ainsi le bon fonctionnement de l&rsquo;ensemble du programme sans interf\u00e9rer avec la circulation des usagers ou du public.<\/p>\n\n\n\n<h2 class=\"wp-block-heading\">La contribution des architectes \u00e0 la maison de repos<\/h2>\n\n\n\n<p>L&rsquo;architecte est donc un facteur d\u00e9terminant de la qualit\u00e9 de vie de l&rsquo;utilisateur, de la facilit\u00e9 d&rsquo;utilisation et de gestion de ce type d&rsquo;\u00e9quipement g\u00e9riatrique et de la p\u00e9rennit\u00e9 de l&rsquo;investissement. La g\u00e9riatrie est en effet un secteur complexe qui requiert des comp\u00e9tences techniques sp\u00e9cifiques. Utopia est fi\u00e8re de tous les efforts d\u00e9ploy\u00e9s ces derni\u00e8res ann\u00e9es pour rendre cet \u00e9quipement toujours plus performant et surtout plus humain.<\/p>\n\n<\/section>","protected":false},"excerpt":{"rendered":"<p>Nos architectes ont \u00e9t\u00e9 appel\u00e9s \u00e0 d\u00e9velopper un projet architectural et sp\u00e9cialis\u00e9 pour une maison de repos. La maison est situ\u00e9e \u00e0 Santa Maria da Feira, mais recevra des utilisateurs de toute la r\u00e9gion de Porto et de Vila Nova de Gaia. Le projet de licence r\u00e9cemment approuv\u00e9 est particuli\u00e8rement complexe car le terrain pr\u00e9sente une g\u00e9om\u00e9trie vari\u00e9e. Dans le m\u00eame temps, il convient de souligner que le contexte de la g\u00e9riatrie exige une \u00e9norme comp\u00e9titivit\u00e9.<\/p>\n","protected":false},"featured_media":1351,"template":"","meta":[],"categories":[16,52],"tags":[],"class_list":["post-3197","works","type-works","status-publish","has-post-thumbnail","hentry","category-architecture","category-residences-pour-personnes-agees"],"yoast_head":"<!-- This site is optimized with the Yoast SEO plugin v27.4 - https:\/\/yoast.com\/product\/yoast-seo-wordpress\/ -->\n<title>Maison de Soins Infirmiers au Portugal - Utopia<\/title>\n<meta name=\"robots\" content=\"index, follow, max-snippet:-1, max-image-preview:large, max-video-preview:-1\" \/>\n<link rel=\"canonical\" href=\"https:\/\/www.utopia-projects.com\/fr\/oeuvres\/maison-de-soins-infirmiers-au-portugal\/\" \/>\n<meta property=\"og:locale\" content=\"fr_FR\" \/>\n<meta property=\"og:type\" content=\"article\" \/>\n<meta property=\"og:title\" content=\"Maison de Soins Infirmiers au Portugal - Utopia\" \/>\n<meta property=\"og:description\" content=\"Nos architectes ont \u00e9t\u00e9 appel\u00e9s \u00e0 d\u00e9velopper un projet architectural et sp\u00e9cialis\u00e9 pour une maison de repos. La maison est situ\u00e9e \u00e0 Santa Maria da Feira, mais recevra des utilisateurs de toute la r\u00e9gion de Porto et de Vila Nova de Gaia. Le projet de licence r\u00e9cemment approuv\u00e9 est particuli\u00e8rement complexe car le terrain pr\u00e9sente une g\u00e9om\u00e9trie vari\u00e9e. Dans le m\u00eame temps, il convient de souligner que le contexte de la g\u00e9riatrie exige une \u00e9norme comp\u00e9titivit\u00e9.\" \/>\n<meta property=\"og:url\" content=\"https:\/\/www.utopia-projects.com\/fr\/oeuvres\/maison-de-soins-infirmiers-au-portugal\/\" \/>\n<meta property=\"og:site_name\" content=\"Utopia\" \/>\n<meta property=\"article:publisher\" content=\"https:\/\/www.facebook.com\/utopia.architects\/\" \/>\n<meta property=\"article:modified_time\" content=\"2023-10-28T11:58:14+00:00\" \/>\n<meta property=\"og:image\" content=\"https:\/\/www.utopia-projects.com\/wp-content\/uploads\/2020\/10\/nursing_home_in_portugal.webp\" \/>\n\t<meta property=\"og:image:width\" content=\"1100\" \/>\n\t<meta property=\"og:image:height\" content=\"550\" \/>\n\t<meta property=\"og:image:type\" content=\"image\/webp\" \/>\n<meta name=\"twitter:card\" content=\"summary_large_image\" \/>\n<meta name=\"twitter:site\" content=\"@ProjectosUtopia\" \/>\n<meta name=\"twitter:label1\" content=\"Dur\u00e9e de lecture estim\u00e9e\" \/>\n\t<meta name=\"twitter:data1\" content=\"6 minutes\" \/>\n<script type=\"application\/ld+json\" class=\"yoast-schema-graph\">{\"@context\":\"https:\\\/\\\/schema.org\",\"@graph\":[{\"@type\":\"WebPage\",\"@id\":\"https:\\\/\\\/www.utopia-projects.com\\\/fr\\\/oeuvres\\\/maison-de-soins-infirmiers-au-portugal\\\/\",\"url\":\"https:\\\/\\\/www.utopia-projects.com\\\/fr\\\/oeuvres\\\/maison-de-soins-infirmiers-au-portugal\\\/\",\"name\":\"Maison de Soins Infirmiers au Portugal - Utopia\",\"isPartOf\":{\"@id\":\"https:\\\/\\\/www.utopia-projects.com\\\/fr\\\/#website\"},\"primaryImageOfPage\":{\"@id\":\"https:\\\/\\\/www.utopia-projects.com\\\/fr\\\/oeuvres\\\/maison-de-soins-infirmiers-au-portugal\\\/#primaryimage\"},\"image\":{\"@id\":\"https:\\\/\\\/www.utopia-projects.com\\\/fr\\\/oeuvres\\\/maison-de-soins-infirmiers-au-portugal\\\/#primaryimage\"},\"thumbnailUrl\":\"https:\\\/\\\/www.utopia-projects.com\\\/wp-content\\\/uploads\\\/2020\\\/10\\\/nursing_home_in_portugal.webp\",\"datePublished\":\"2020-10-23T14:15:00+00:00\",\"dateModified\":\"2023-10-28T11:58:14+00:00\",\"breadcrumb\":{\"@id\":\"https:\\\/\\\/www.utopia-projects.com\\\/fr\\\/oeuvres\\\/maison-de-soins-infirmiers-au-portugal\\\/#breadcrumb\"},\"inLanguage\":\"fr-FR\",\"potentialAction\":[{\"@type\":\"ReadAction\",\"target\":[\"https:\\\/\\\/www.utopia-projects.com\\\/fr\\\/oeuvres\\\/maison-de-soins-infirmiers-au-portugal\\\/\"]}]},{\"@type\":\"ImageObject\",\"inLanguage\":\"fr-FR\",\"@id\":\"https:\\\/\\\/www.utopia-projects.com\\\/fr\\\/oeuvres\\\/maison-de-soins-infirmiers-au-portugal\\\/#primaryimage\",\"url\":\"https:\\\/\\\/www.utopia-projects.com\\\/wp-content\\\/uploads\\\/2020\\\/10\\\/nursing_home_in_portugal.webp\",\"contentUrl\":\"https:\\\/\\\/www.utopia-projects.com\\\/wp-content\\\/uploads\\\/2020\\\/10\\\/nursing_home_in_portugal.webp\",\"width\":1100,\"height\":550,\"caption\":\"Maison de retraite au Portugal\"},{\"@type\":\"BreadcrumbList\",\"@id\":\"https:\\\/\\\/www.utopia-projects.com\\\/fr\\\/oeuvres\\\/maison-de-soins-infirmiers-au-portugal\\\/#breadcrumb\",\"itemListElement\":[{\"@type\":\"ListItem\",\"position\":1,\"name\":\"Utopia\",\"item\":\"https:\\\/\\\/www.utopia-projects.com\\\/fr\\\/\"},{\"@type\":\"ListItem\",\"position\":2,\"name\":\"Oeuvres\",\"item\":\"https:\\\/\\\/www.utopia-projects.com\\\/fr\\\/oeuvres\\\/\"},{\"@type\":\"ListItem\",\"position\":3,\"name\":\"Architecture\",\"item\":\"https:\\\/\\\/www.utopia-projects.com\\\/fr\\\/oeuvres\\\/categories\\\/architecture\\\/\"},{\"@type\":\"ListItem\",\"position\":4,\"name\":\"R\u00e9sidences pour personnes \u00e2g\u00e9es\",\"item\":\"https:\\\/\\\/www.utopia-projects.com\\\/fr\\\/oeuvres\\\/categories\\\/architecture\\\/residences-pour-personnes-agees\\\/\"},{\"@type\":\"ListItem\",\"position\":5,\"name\":\"Maison de Soins Infirmiers au Portugal\"}]},{\"@type\":\"WebSite\",\"@id\":\"https:\\\/\\\/www.utopia-projects.com\\\/fr\\\/#website\",\"url\":\"https:\\\/\\\/www.utopia-projects.com\\\/fr\\\/\",\"name\":\"Utopia Architects and Engineers\",\"description\":\"Architects and Engineers providing architecure and engineering services in Portugal\",\"publisher\":{\"@id\":\"https:\\\/\\\/www.utopia-projects.com\\\/fr\\\/#organization\"},\"alternateName\":\"Utopia - Architecture and Engineering\",\"potentialAction\":[{\"@type\":\"SearchAction\",\"target\":{\"@type\":\"EntryPoint\",\"urlTemplate\":\"https:\\\/\\\/www.utopia-projects.com\\\/fr\\\/?s={search_term_string}\"},\"query-input\":{\"@type\":\"PropertyValueSpecification\",\"valueRequired\":true,\"valueName\":\"search_term_string\"}}],\"inLanguage\":\"fr-FR\"},{\"@type\":\"Organization\",\"@id\":\"https:\\\/\\\/www.utopia-projects.com\\\/fr\\\/#organization\",\"name\":\"Utopia - Arquitectura e Engenharia Lda\",\"alternateName\":\"Utopia Architects\",\"url\":\"https:\\\/\\\/www.utopia-projects.com\\\/fr\\\/\",\"logo\":{\"@type\":\"ImageObject\",\"inLanguage\":\"fr-FR\",\"@id\":\"https:\\\/\\\/www.utopia-projects.com\\\/fr\\\/#\\\/schema\\\/logo\\\/image\\\/\",\"url\":\"https:\\\/\\\/www.utopia-projects.com\\\/wp-content\\\/uploads\\\/2023\\\/07\\\/Utopia_architecture_and_engineering.svg\",\"contentUrl\":\"https:\\\/\\\/www.utopia-projects.com\\\/wp-content\\\/uploads\\\/2023\\\/07\\\/Utopia_architecture_and_engineering.svg\",\"caption\":\"Utopia - Arquitectura e Engenharia Lda\"},\"image\":{\"@id\":\"https:\\\/\\\/www.utopia-projects.com\\\/fr\\\/#\\\/schema\\\/logo\\\/image\\\/\"},\"sameAs\":[\"https:\\\/\\\/www.facebook.com\\\/utopia.architects\\\/\",\"https:\\\/\\\/x.com\\\/ProjectosUtopia\"]}]}<\/script>\n<!-- \/ Yoast SEO plugin. -->","yoast_head_json":{"title":"Maison de Soins Infirmiers au Portugal - Utopia","robots":{"index":"index","follow":"follow","max-snippet":"max-snippet:-1","max-image-preview":"max-image-preview:large","max-video-preview":"max-video-preview:-1"},"canonical":"https:\/\/www.utopia-projects.com\/fr\/oeuvres\/maison-de-soins-infirmiers-au-portugal\/","og_locale":"fr_FR","og_type":"article","og_title":"Maison de Soins Infirmiers au Portugal - Utopia","og_description":"Nos architectes ont \u00e9t\u00e9 appel\u00e9s \u00e0 d\u00e9velopper un projet architectural et sp\u00e9cialis\u00e9 pour une maison de repos. La maison est situ\u00e9e \u00e0 Santa Maria da Feira, mais recevra des utilisateurs de toute la r\u00e9gion de Porto et de Vila Nova de Gaia. Le projet de licence r\u00e9cemment approuv\u00e9 est particuli\u00e8rement complexe car le terrain pr\u00e9sente une g\u00e9om\u00e9trie vari\u00e9e. Dans le m\u00eame temps, il convient de souligner que le contexte de la g\u00e9riatrie exige une \u00e9norme comp\u00e9titivit\u00e9.","og_url":"https:\/\/www.utopia-projects.com\/fr\/oeuvres\/maison-de-soins-infirmiers-au-portugal\/","og_site_name":"Utopia","article_publisher":"https:\/\/www.facebook.com\/utopia.architects\/","article_modified_time":"2023-10-28T11:58:14+00:00","og_image":[{"width":1100,"height":550,"url":"https:\/\/www.utopia-projects.com\/wp-content\/uploads\/2020\/10\/nursing_home_in_portugal.webp","type":"image\/webp"}],"twitter_card":"summary_large_image","twitter_site":"@ProjectosUtopia","twitter_misc":{"Dur\u00e9e de lecture estim\u00e9e":"6 minutes"},"schema":{"@context":"https:\/\/schema.org","@graph":[{"@type":"WebPage","@id":"https:\/\/www.utopia-projects.com\/fr\/oeuvres\/maison-de-soins-infirmiers-au-portugal\/","url":"https:\/\/www.utopia-projects.com\/fr\/oeuvres\/maison-de-soins-infirmiers-au-portugal\/","name":"Maison de Soins Infirmiers au Portugal - Utopia","isPartOf":{"@id":"https:\/\/www.utopia-projects.com\/fr\/#website"},"primaryImageOfPage":{"@id":"https:\/\/www.utopia-projects.com\/fr\/oeuvres\/maison-de-soins-infirmiers-au-portugal\/#primaryimage"},"image":{"@id":"https:\/\/www.utopia-projects.com\/fr\/oeuvres\/maison-de-soins-infirmiers-au-portugal\/#primaryimage"},"thumbnailUrl":"https:\/\/www.utopia-projects.com\/wp-content\/uploads\/2020\/10\/nursing_home_in_portugal.webp","datePublished":"2020-10-23T14:15:00+00:00","dateModified":"2023-10-28T11:58:14+00:00","breadcrumb":{"@id":"https:\/\/www.utopia-projects.com\/fr\/oeuvres\/maison-de-soins-infirmiers-au-portugal\/#breadcrumb"},"inLanguage":"fr-FR","potentialAction":[{"@type":"ReadAction","target":["https:\/\/www.utopia-projects.com\/fr\/oeuvres\/maison-de-soins-infirmiers-au-portugal\/"]}]},{"@type":"ImageObject","inLanguage":"fr-FR","@id":"https:\/\/www.utopia-projects.com\/fr\/oeuvres\/maison-de-soins-infirmiers-au-portugal\/#primaryimage","url":"https:\/\/www.utopia-projects.com\/wp-content\/uploads\/2020\/10\/nursing_home_in_portugal.webp","contentUrl":"https:\/\/www.utopia-projects.com\/wp-content\/uploads\/2020\/10\/nursing_home_in_portugal.webp","width":1100,"height":550,"caption":"Maison de retraite au Portugal"},{"@type":"BreadcrumbList","@id":"https:\/\/www.utopia-projects.com\/fr\/oeuvres\/maison-de-soins-infirmiers-au-portugal\/#breadcrumb","itemListElement":[{"@type":"ListItem","position":1,"name":"Utopia","item":"https:\/\/www.utopia-projects.com\/fr\/"},{"@type":"ListItem","position":2,"name":"Oeuvres","item":"https:\/\/www.utopia-projects.com\/fr\/oeuvres\/"},{"@type":"ListItem","position":3,"name":"Architecture","item":"https:\/\/www.utopia-projects.com\/fr\/oeuvres\/categories\/architecture\/"},{"@type":"ListItem","position":4,"name":"R\u00e9sidences pour personnes \u00e2g\u00e9es","item":"https:\/\/www.utopia-projects.com\/fr\/oeuvres\/categories\/architecture\/residences-pour-personnes-agees\/"},{"@type":"ListItem","position":5,"name":"Maison de Soins Infirmiers au Portugal"}]},{"@type":"WebSite","@id":"https:\/\/www.utopia-projects.com\/fr\/#website","url":"https:\/\/www.utopia-projects.com\/fr\/","name":"Utopia Architects and Engineers","description":"Architects and Engineers providing architecure and engineering services in Portugal","publisher":{"@id":"https:\/\/www.utopia-projects.com\/fr\/#organization"},"alternateName":"Utopia - Architecture and Engineering","potentialAction":[{"@type":"SearchAction","target":{"@type":"EntryPoint","urlTemplate":"https:\/\/www.utopia-projects.com\/fr\/?s={search_term_string}"},"query-input":{"@type":"PropertyValueSpecification","valueRequired":true,"valueName":"search_term_string"}}],"inLanguage":"fr-FR"},{"@type":"Organization","@id":"https:\/\/www.utopia-projects.com\/fr\/#organization","name":"Utopia - Arquitectura e Engenharia Lda","alternateName":"Utopia Architects","url":"https:\/\/www.utopia-projects.com\/fr\/","logo":{"@type":"ImageObject","inLanguage":"fr-FR","@id":"https:\/\/www.utopia-projects.com\/fr\/#\/schema\/logo\/image\/","url":"https:\/\/www.utopia-projects.com\/wp-content\/uploads\/2023\/07\/Utopia_architecture_and_engineering.svg","contentUrl":"https:\/\/www.utopia-projects.com\/wp-content\/uploads\/2023\/07\/Utopia_architecture_and_engineering.svg","caption":"Utopia - Arquitectura e Engenharia Lda"},"image":{"@id":"https:\/\/www.utopia-projects.com\/fr\/#\/schema\/logo\/image\/"},"sameAs":["https:\/\/www.facebook.com\/utopia.architects\/","https:\/\/x.com\/ProjectosUtopia"]}]}},"_links":{"self":[{"href":"https:\/\/www.utopia-projects.com\/fr\/wp-json\/wp\/v2\/works\/3197","targetHints":{"allow":["GET"]}}],"collection":[{"href":"https:\/\/www.utopia-projects.com\/fr\/wp-json\/wp\/v2\/works"}],"about":[{"href":"https:\/\/www.utopia-projects.com\/fr\/wp-json\/wp\/v2\/types\/works"}],"wp:featuredmedia":[{"embeddable":true,"href":"https:\/\/www.utopia-projects.com\/fr\/wp-json\/wp\/v2\/media\/1351"}],"wp:attachment":[{"href":"https:\/\/www.utopia-projects.com\/fr\/wp-json\/wp\/v2\/media?parent=3197"}],"wp:term":[{"taxonomy":"category","embeddable":true,"href":"https:\/\/www.utopia-projects.com\/fr\/wp-json\/wp\/v2\/categories?post=3197"},{"taxonomy":"post_tag","embeddable":true,"href":"https:\/\/www.utopia-projects.com\/fr\/wp-json\/wp\/v2\/tags?post=3197"}],"curies":[{"name":"wp","href":"https:\/\/api.w.org\/{rel}","templated":true}]}}